{"id":8112,"date":"2025-09-16T09:05:06","date_gmt":"2025-09-16T07:05:06","guid":{"rendered":"https:\/\/www.christallk.com\/?post_type=product&#038;p=8112"},"modified":"2025-09-16T10:36:54","modified_gmt":"2025-09-16T08:36:54","slug":"altai-hat","status":"publish","type":"product","link":"https:\/\/www.christallk.com\/en\/product\/altai-hat\/","title":{"rendered":"Alta\u00ef Hat"},"content":{"rendered":"<p>Le <strong>bonnet Alta\u00ef<\/strong> est tricot\u00e9 dans un fil d\u2019exception, il est \u00e0 la fois l\u00e9ger, chaud et incroyablement doux.<br data-start=\"362\" data-end=\"365\" \/>Son nom rend hommage aux montagnes de l\u2019Alta\u00ef, berceau des peuples nomades qui inspirent la collection Echos des Steppes.<\/p>\n<h3>Laine<\/h3>\n<p>Vous aurez besoin d&rsquo;une laine DK pour le tricoter.<\/p>\n<p>J&rsquo;ai utilis\u00e9 de la <a href=\"https:\/\/www.noble-nomads.de\/en\/\">NOBLE NOMADS<\/a> Camel DK (100% chameau) 200 m \/ 100\u202fg environ 150-160 [170-180] m ou 1 \u00e9cheveau<\/p>\n<h3>Echantillon<\/h3>\n<p>28 mailles \/ 36 rangs en c\u00f4tes (voir bord-c\u00f4tes) pour 10 cm apr\u00e8s blocage avec les plus petites aig. pour la taille 1<br \/>\n26 mailles \/ 34 rangs en c\u00f4tes (voir bord-c\u00f4tes) pour 10 cm apr\u00e8s blocage avec les plus grandes aig. pour la taille 2<br \/>\nEchantillon horizontal non \u00e9tir\u00e9 : 12 cm par r\u00e9p\u00e9tition du diagramme au point le plus large avec les aig. 3,75 mm.<\/p>\n<h3>Mat\u00e9riel<\/h3>\n<ul>\n<li>1 aig. circ. 3,5 mm de 40 cm de long pour la plus petite taille<\/li>\n<li>1 aig. circ. 3,75 mm de 40 cm de long pour la plus grande taille<\/li>\n<li>1 aig. \u00e0 tapisserie \u00e0 bout rond<\/li>\n<li>4 marqueurs<\/li>\n<li>1 aig. \u00e0 torsades<\/li>\n<\/ul>\n<h3>Mesures finales<\/h3>\n<p>1 [2] : pour un tour de t\u00eate de 54-57 [58-61] cm<\/p>\n<h3>Construction<\/h3>\n<p>Ce bonnet est port\u00e9 avec une aisance n\u00e9gative de 8,5 \u00e0 11,5 cm.<br \/>\nLe bonnet peut \u00eatre port\u00e9 avec le bord-c\u00f4tes repli\u00e9 pour un bonnet ajust\u00e9 ou avec le bord-c\u00f4tes en simple pour un effet \u00abslouch\u00bb.<\/p>\n<h3>Niveau<\/h3>\n<p>2\/5<\/p>\n<h3>Techniques utilis\u00e9es<\/h3>\n<ul>\n<li><a href=\"http:\/\/youtu.be\/i0rBEuiAdKg\">Montage des mailles en c\u00f4tes<\/a><\/li>\n<\/ul>\n","protected":false},"excerpt":{"rendered":"<p>The <strong>Alta\u00ef hat<\/strong> is worked in an exceptional yarn, it is at the same time light, warm and incredibly soft.<br data-start=\"362\" data-end=\"365\" \/>Its name pays homage to the Altai Mountains, cradle of the nomadic peoples who inspire the Echos des Steppes collection.<\/p>\n<p>Downloadable <strong>pdf pattern<\/strong> : once the order is validated, a download link is available on the order page. <strong>Remember to download it because the link is temporary.<\/strong><\/p>\n<p><em>VAT is calculated when the shopping cart is validated.<\/em><\/p>\n<div id=\"ConnectiveDocSignExtentionInstalled\" data-extension-version=\"1.0.4\"><\/div>","protected":false},"featured_media":8115,"comment_status":"closed","ping_status":"closed","template":"","meta":{"jetpack_publicize_message":"","jetpack_publicize_feature_enabled":true,"jetpack_social_post_already_shared":true,"jetpack_social_options":{"image_generator_settings":{"template":"highway","default_image_id":0,"font":"","enabled":false},"version":2}},"product_brand":[],"product_cat":[319,318,308,320],"product_tag":[],"class_list":{"0":"post-8112","1":"product","2":"type-product","3":"status-publish","4":"has-post-thumbnail","6":"product_cat-english-pattern","7":"product_cat-patrons-en-francais","8":"product_cat-patterns-modeles","9":"product_cat-pulls","12":"first","13":"instock","14":"taxable","15":"shipping-taxable","16":"purchasable","17":"product-type-variable"},"yoast_head":"<!-- This site is optimized with the Yoast SEO plugin v27.5 - https:\/\/yoast.com\/product\/yoast-seo-wordpress\/ -->\n<title>Alta\u00ef Hat - ChristalLK<\/title>\n<meta name=\"description\" content=\"Le bonnet Alta\u00ef est un bonnet dont le nom rend hommage aux montagnes de l\u2019Alta\u00ef, berceau des peuples nomades qui inspirent la collection Echos des Steppes.\" \/>\n<meta name=\"robots\" content=\"index, follow, max-snippet:-1, max-image-preview:large, max-video-preview:-1\" \/>\n<link rel=\"canonical\" href=\"https:\/\/www.christallk.com\/en\/product\/altai-hat\/\" \/>\n<meta property=\"og:locale\" content=\"en_US\" \/>\n<meta property=\"og:type\" content=\"article\" \/>\n<meta property=\"og:title\" content=\"Alta\u00ef Hat - ChristalLK\" \/>\n<meta property=\"og:description\" content=\"Le bonnet Alta\u00ef est un bonnet dont le nom rend hommage aux montagnes de l\u2019Alta\u00ef, berceau des peuples nomades qui inspirent la collection Echos des Steppes.\" \/>\n<meta property=\"og:url\" content=\"https:\/\/www.christallk.com\/en\/product\/altai-hat\/\" \/>\n<meta property=\"og:site_name\" content=\"ChristalLK\" \/>\n<meta property=\"article:publisher\" content=\"https:\/\/www.facebook.com\/ChristalLittleK\/\" \/>\n<meta property=\"article:modified_time\" content=\"2025-09-16T08:36:54+00:00\" \/>\n<meta property=\"og:image\" content=\"https:\/\/www.christallk.com\/wp-content\/uploads\/2025\/09\/20250914_180510-scaled.jpg\" \/>\n\t<meta property=\"og:image:width\" content=\"1829\" \/>\n\t<meta property=\"og:image:height\" content=\"2560\" \/>\n\t<meta property=\"og:image:type\" content=\"image\/jpeg\" \/>\n<meta name=\"twitter:card\" content=\"summary_large_image\" \/>\n<meta name=\"twitter:label1\" content=\"Est. reading time\" \/>\n\t<meta name=\"twitter:data1\" content=\"2 minutes\" \/>\n<script type=\"application\/ld+json\" class=\"yoast-schema-graph\">{\"@context\":\"https:\\\/\\\/schema.org\",\"@graph\":[{\"@type\":\"WebPage\",\"@id\":\"https:\\\/\\\/www.christallk.com\\\/product\\\/altai-hat\\\/\",\"url\":\"https:\\\/\\\/www.christallk.com\\\/product\\\/altai-hat\\\/\",\"name\":\"Alta\u00ef Hat - ChristalLK\",\"isPartOf\":{\"@id\":\"https:\\\/\\\/www.christallk.com\\\/#website\"},\"primaryImageOfPage\":{\"@id\":\"https:\\\/\\\/www.christallk.com\\\/product\\\/altai-hat\\\/#primaryimage\"},\"image\":{\"@id\":\"https:\\\/\\\/www.christallk.com\\\/product\\\/altai-hat\\\/#primaryimage\"},\"thumbnailUrl\":\"https:\\\/\\\/www.christallk.com\\\/wp-content\\\/uploads\\\/2025\\\/09\\\/20250914_180510-scaled.jpg\",\"datePublished\":\"2025-09-16T07:05:06+00:00\",\"dateModified\":\"2025-09-16T08:36:54+00:00\",\"description\":\"Le bonnet Alta\u00ef est un bonnet dont le nom rend hommage aux montagnes de l\u2019Alta\u00ef, berceau des peuples nomades qui inspirent la collection Echos des Steppes.\",\"breadcrumb\":{\"@id\":\"https:\\\/\\\/www.christallk.com\\\/product\\\/altai-hat\\\/#breadcrumb\"},\"inLanguage\":\"en-US\",\"potentialAction\":[{\"@type\":\"ReadAction\",\"target\":[\"https:\\\/\\\/www.christallk.com\\\/product\\\/altai-hat\\\/\"]}]},{\"@type\":\"ImageObject\",\"inLanguage\":\"en-US\",\"@id\":\"https:\\\/\\\/www.christallk.com\\\/product\\\/altai-hat\\\/#primaryimage\",\"url\":\"https:\\\/\\\/www.christallk.com\\\/wp-content\\\/uploads\\\/2025\\\/09\\\/20250914_180510-scaled.jpg\",\"contentUrl\":\"https:\\\/\\\/www.christallk.com\\\/wp-content\\\/uploads\\\/2025\\\/09\\\/20250914_180510-scaled.jpg\",\"width\":1829,\"height\":2560},{\"@type\":\"BreadcrumbList\",\"@id\":\"https:\\\/\\\/www.christallk.com\\\/product\\\/altai-hat\\\/#breadcrumb\",\"itemListElement\":[{\"@type\":\"ListItem\",\"position\":1,\"name\":\"Home\",\"item\":\"https:\\\/\\\/www.christallk.com\\\/\"},{\"@type\":\"ListItem\",\"position\":2,\"name\":\"Boutique\",\"item\":\"https:\\\/\\\/www.christallk.com\\\/language\\\/fr\\\/shop\\\/\"},{\"@type\":\"ListItem\",\"position\":3,\"name\":\"Alta\u00ef Hat\"}]},{\"@type\":\"WebSite\",\"@id\":\"https:\\\/\\\/www.christallk.com\\\/#website\",\"url\":\"https:\\\/\\\/www.christallk.com\\\/\",\"name\":\"ChristalLK\",\"description\":\"ChristalLK Website\",\"publisher\":{\"@id\":\"https:\\\/\\\/www.christallk.com\\\/#organization\"},\"potentialAction\":[{\"@type\":\"SearchAction\",\"target\":{\"@type\":\"EntryPoint\",\"urlTemplate\":\"https:\\\/\\\/www.christallk.com\\\/?s={search_term_string}\"},\"query-input\":{\"@type\":\"PropertyValueSpecification\",\"valueRequired\":true,\"valueName\":\"search_term_string\"}}],\"inLanguage\":\"en-US\"},{\"@type\":\"Organization\",\"@id\":\"https:\\\/\\\/www.christallk.com\\\/#organization\",\"name\":\"ChristalLK\",\"url\":\"https:\\\/\\\/www.christallk.com\\\/\",\"logo\":{\"@type\":\"ImageObject\",\"inLanguage\":\"en-US\",\"@id\":\"https:\\\/\\\/www.christallk.com\\\/#\\\/schema\\\/logo\\\/image\\\/\",\"url\":\"https:\\\/\\\/i2.wp.com\\\/www.christallk.com\\\/wp-content\\\/uploads\\\/2020\\\/05\\\/canvas_logo_clk.png?fit=650%2C600\",\"contentUrl\":\"https:\\\/\\\/i2.wp.com\\\/www.christallk.com\\\/wp-content\\\/uploads\\\/2020\\\/05\\\/canvas_logo_clk.png?fit=650%2C600\",\"width\":650,\"height\":600,\"caption\":\"ChristalLK\"},\"image\":{\"@id\":\"https:\\\/\\\/www.christallk.com\\\/#\\\/schema\\\/logo\\\/image\\\/\"},\"sameAs\":[\"https:\\\/\\\/www.facebook.com\\\/ChristalLittleK\\\/\",\"https:\\\/\\\/www.instagram.com\\\/christallittlek\\\/\",\"https:\\\/\\\/www.pinterest.com\\\/christallk1637\\\/\",\"https:\\\/\\\/www.youtube.com\\\/channel\\\/UCk8kNDAInlkf2fCr6pU-_oA?view_as=subscriber\"]}]}<\/script>\n<!-- \/ Yoast SEO plugin. -->","yoast_head_json":{"title":"Alta\u00ef Hat - ChristalLK","description":"Le bonnet Alta\u00ef est un bonnet dont le nom rend hommage aux montagnes de l\u2019Alta\u00ef, berceau des peuples nomades qui inspirent la collection Echos des Steppes.","robots":{"index":"index","follow":"follow","max-snippet":"max-snippet:-1","max-image-preview":"max-image-preview:large","max-video-preview":"max-video-preview:-1"},"canonical":"https:\/\/www.christallk.com\/en\/product\/altai-hat\/","og_locale":"en_US","og_type":"article","og_title":"Alta\u00ef Hat - ChristalLK","og_description":"Le bonnet Alta\u00ef est un bonnet dont le nom rend hommage aux montagnes de l\u2019Alta\u00ef, berceau des peuples nomades qui inspirent la collection Echos des Steppes.","og_url":"https:\/\/www.christallk.com\/en\/product\/altai-hat\/","og_site_name":"ChristalLK","article_publisher":"https:\/\/www.facebook.com\/ChristalLittleK\/","article_modified_time":"2025-09-16T08:36:54+00:00","og_image":[{"width":1829,"height":2560,"url":"https:\/\/www.christallk.com\/wp-content\/uploads\/2025\/09\/20250914_180510-scaled.jpg","type":"image\/jpeg"}],"twitter_card":"summary_large_image","twitter_misc":{"Est. reading time":"2 minutes"},"schema":{"@context":"https:\/\/schema.org","@graph":[{"@type":"WebPage","@id":"https:\/\/www.christallk.com\/product\/altai-hat\/","url":"https:\/\/www.christallk.com\/product\/altai-hat\/","name":"Alta\u00ef Hat - ChristalLK","isPartOf":{"@id":"https:\/\/www.christallk.com\/#website"},"primaryImageOfPage":{"@id":"https:\/\/www.christallk.com\/product\/altai-hat\/#primaryimage"},"image":{"@id":"https:\/\/www.christallk.com\/product\/altai-hat\/#primaryimage"},"thumbnailUrl":"https:\/\/www.christallk.com\/wp-content\/uploads\/2025\/09\/20250914_180510-scaled.jpg","datePublished":"2025-09-16T07:05:06+00:00","dateModified":"2025-09-16T08:36:54+00:00","description":"Le bonnet Alta\u00ef est un bonnet dont le nom rend hommage aux montagnes de l\u2019Alta\u00ef, berceau des peuples nomades qui inspirent la collection Echos des Steppes.","breadcrumb":{"@id":"https:\/\/www.christallk.com\/product\/altai-hat\/#breadcrumb"},"inLanguage":"en-US","potentialAction":[{"@type":"ReadAction","target":["https:\/\/www.christallk.com\/product\/altai-hat\/"]}]},{"@type":"ImageObject","inLanguage":"en-US","@id":"https:\/\/www.christallk.com\/product\/altai-hat\/#primaryimage","url":"https:\/\/www.christallk.com\/wp-content\/uploads\/2025\/09\/20250914_180510-scaled.jpg","contentUrl":"https:\/\/www.christallk.com\/wp-content\/uploads\/2025\/09\/20250914_180510-scaled.jpg","width":1829,"height":2560},{"@type":"BreadcrumbList","@id":"https:\/\/www.christallk.com\/product\/altai-hat\/#breadcrumb","itemListElement":[{"@type":"ListItem","position":1,"name":"Home","item":"https:\/\/www.christallk.com\/"},{"@type":"ListItem","position":2,"name":"Boutique","item":"https:\/\/www.christallk.com\/language\/fr\/shop\/"},{"@type":"ListItem","position":3,"name":"Alta\u00ef Hat"}]},{"@type":"WebSite","@id":"https:\/\/www.christallk.com\/#website","url":"https:\/\/www.christallk.com\/","name":"ChristalLK","description":"ChristalLK Website","publisher":{"@id":"https:\/\/www.christallk.com\/#organization"},"potentialAction":[{"@type":"SearchAction","target":{"@type":"EntryPoint","urlTemplate":"https:\/\/www.christallk.com\/?s={search_term_string}"},"query-input":{"@type":"PropertyValueSpecification","valueRequired":true,"valueName":"search_term_string"}}],"inLanguage":"en-US"},{"@type":"Organization","@id":"https:\/\/www.christallk.com\/#organization","name":"ChristalLK","url":"https:\/\/www.christallk.com\/","logo":{"@type":"ImageObject","inLanguage":"en-US","@id":"https:\/\/www.christallk.com\/#\/schema\/logo\/image\/","url":"https:\/\/i2.wp.com\/www.christallk.com\/wp-content\/uploads\/2020\/05\/canvas_logo_clk.png?fit=650%2C600","contentUrl":"https:\/\/i2.wp.com\/www.christallk.com\/wp-content\/uploads\/2020\/05\/canvas_logo_clk.png?fit=650%2C600","width":650,"height":600,"caption":"ChristalLK"},"image":{"@id":"https:\/\/www.christallk.com\/#\/schema\/logo\/image\/"},"sameAs":["https:\/\/www.facebook.com\/ChristalLittleK\/","https:\/\/www.instagram.com\/christallittlek\/","https:\/\/www.pinterest.com\/christallk1637\/","https:\/\/www.youtube.com\/channel\/UCk8kNDAInlkf2fCr6pU-_oA?view_as=subscriber"]}]}},"jetpack_publicize_connections":[],"jetpack_likes_enabled":true,"jetpack-related-posts":[{"id":8134,"url":"https:\/\/www.christallk.com\/en\/product\/altai-scarf\/","url_meta":{"origin":8112,"position":0},"title":"Alta\u00ef Scarf","author":"Christelle","date":"September 18, 2025","format":false,"excerpt":"L'\u00e9charpe Alta\u00ef Scarf fait partie de la collection Echos des Steppes., inspir\u00e9e par les traditions des nomades mongols et leur lien unique avec les animaux qui fournissent ces fibres rares. Con\u00e7ue pour allier chaleur, douceur et \u00e9l\u00e9gance, elle devient un essentiel intemporel \u00e0 porter au quotidien. Patron pdf t\u00e9l\u00e9chargeable :\u2026","rel":"","context":"Similar post","block_context":{"text":"Similar post","link":""},"img":{"alt_text":"","src":"https:\/\/i0.wp.com\/www.christallk.com\/wp-content\/uploads\/2025\/09\/20250917_182554-1-scaled.jpg?resize=350%2C200&ssl=1","width":350,"height":200,"srcset":"https:\/\/i0.wp.com\/www.christallk.com\/wp-content\/uploads\/2025\/09\/20250917_182554-1-scaled.jpg?resize=350%2C200&ssl=1 1x, https:\/\/i0.wp.com\/www.christallk.com\/wp-content\/uploads\/2025\/09\/20250917_182554-1-scaled.jpg?resize=525%2C300&ssl=1 1.5x, https:\/\/i0.wp.com\/www.christallk.com\/wp-content\/uploads\/2025\/09\/20250917_182554-1-scaled.jpg?resize=700%2C400&ssl=1 2x, https:\/\/i0.wp.com\/www.christallk.com\/wp-content\/uploads\/2025\/09\/20250917_182554-1-scaled.jpg?resize=1050%2C600&ssl=1 3x, https:\/\/i0.wp.com\/www.christallk.com\/wp-content\/uploads\/2025\/09\/20250917_182554-1-scaled.jpg?resize=1400%2C800&ssl=1 4x"},"classes":[]},{"id":6333,"url":"https:\/\/www.christallk.com\/en\/product\/silky-wisteria\/","url_meta":{"origin":8112,"position":1},"title":"Silky Wisteria","author":"Christelle","date":"January 25, 2024","format":false,"excerpt":"Silky Wisteria is a cable-knit beanie that starts at the ribbed cuff and ends at the crown. You can wear it two ways: as a slouch or as a beanie, with or without a pom-pom. Downloadable PDF pattern: Once your order is confirmed, a download link is\u2026","rel":"","context":"Similar post","block_context":{"text":"Similar post","link":""},"img":{"alt_text":"","src":"https:\/\/i0.wp.com\/www.christallk.com\/wp-content\/uploads\/2024\/01\/SilkyWisteria-03.jpg?resize=350%2C200&ssl=1","width":350,"height":200,"srcset":"https:\/\/i0.wp.com\/www.christallk.com\/wp-content\/uploads\/2024\/01\/SilkyWisteria-03.jpg?resize=350%2C200&ssl=1 1x, https:\/\/i0.wp.com\/www.christallk.com\/wp-content\/uploads\/2024\/01\/SilkyWisteria-03.jpg?resize=525%2C300&ssl=1 1.5x, https:\/\/i0.wp.com\/www.christallk.com\/wp-content\/uploads\/2024\/01\/SilkyWisteria-03.jpg?resize=700%2C400&ssl=1 2x"},"classes":[]},{"id":8165,"url":"https:\/\/www.christallk.com\/en\/product\/joshan-sweater\/","url_meta":{"origin":8112,"position":2},"title":"Joshan Sweater","author":"Christelle","date":"September 25, 2025","format":false,"excerpt":"Le pull Joshan est la pi\u00e8ce ma\u00eetresse de la collection \u00c9chos des Steppes. Inspir\u00e9 des armures mongoles dont il porte le nom, ce mod\u00e8le masculin allie force et raffinement. Con\u00e7u en chameau, il met en valeur la richesse des couleurs naturelles des toisons, sans teinture, pour un rendu authentique et\u2026","rel":"","context":"Similar post","block_context":{"text":"Similar post","link":""},"img":{"alt_text":"","src":"https:\/\/i0.wp.com\/www.christallk.com\/wp-content\/uploads\/2025\/09\/joshansweater-12.jpg?resize=350%2C200&ssl=1","width":350,"height":200,"srcset":"https:\/\/i0.wp.com\/www.christallk.com\/wp-content\/uploads\/2025\/09\/joshansweater-12.jpg?resize=350%2C200&ssl=1 1x, https:\/\/i0.wp.com\/www.christallk.com\/wp-content\/uploads\/2025\/09\/joshansweater-12.jpg?resize=525%2C300&ssl=1 1.5x, https:\/\/i0.wp.com\/www.christallk.com\/wp-content\/uploads\/2025\/09\/joshansweater-12.jpg?resize=700%2C400&ssl=1 2x, https:\/\/i0.wp.com\/www.christallk.com\/wp-content\/uploads\/2025\/09\/joshansweater-12.jpg?resize=1050%2C600&ssl=1 3x, https:\/\/i0.wp.com\/www.christallk.com\/wp-content\/uploads\/2025\/09\/joshansweater-12.jpg?resize=1400%2C800&ssl=1 4x"},"classes":[]},{"id":8151,"url":"https:\/\/www.christallk.com\/en\/product\/joshan-mitts\/","url_meta":{"origin":8112,"position":3},"title":"Joshan Mitts","author":"Christelle","date":"September 23, 2025","format":false,"excerpt":"Les moufles Joshan font partie de la collection \u00a0Echos des Steppes., cr\u00e9\u00e9e en collaboration avec Noble Nomads.Tricot\u00e9es en pur cachemire, elles offrent une chaleur incomparable et une douceur unique, pour des mains prot\u00e9g\u00e9es avec \u00e9l\u00e9gance tout au long de l\u2019hiver. Patron pdf t\u00e9l\u00e9chargeable : une fois la commande valid\u00e9e, un\u2026","rel":"","context":"Similar post","block_context":{"text":"Similar post","link":""},"img":{"alt_text":"","src":"https:\/\/i0.wp.com\/www.christallk.com\/wp-content\/uploads\/2025\/09\/altaiscarf_final-09-e1758534827649.jpg?resize=350%2C200&ssl=1","width":350,"height":200,"srcset":"https:\/\/i0.wp.com\/www.christallk.com\/wp-content\/uploads\/2025\/09\/altaiscarf_final-09-e1758534827649.jpg?resize=350%2C200&ssl=1 1x, https:\/\/i0.wp.com\/www.christallk.com\/wp-content\/uploads\/2025\/09\/altaiscarf_final-09-e1758534827649.jpg?resize=525%2C300&ssl=1 1.5x, https:\/\/i0.wp.com\/www.christallk.com\/wp-content\/uploads\/2025\/09\/altaiscarf_final-09-e1758534827649.jpg?resize=700%2C400&ssl=1 2x, https:\/\/i0.wp.com\/www.christallk.com\/wp-content\/uploads\/2025\/09\/altaiscarf_final-09-e1758534827649.jpg?resize=1050%2C600&ssl=1 3x, https:\/\/i0.wp.com\/www.christallk.com\/wp-content\/uploads\/2025\/09\/altaiscarf_final-09-e1758534827649.jpg?resize=1400%2C800&ssl=1 4x"},"classes":[]},{"id":6937,"url":"https:\/\/www.christallk.com\/en\/product\/rudolphe-le-renne\/","url_meta":{"origin":8112,"position":4},"title":"Rudolph the Reindeer","author":"Christelle","date":"December 10, 2024","format":false,"excerpt":"Rudolph the Reindeer are socks knitted from toe to ribbed cuff. They are jacquard and come with a little twist: a reindeer hidden under the heel! Downloadable PDF pattern: once your order is confirmed, a download link is available on the page\u2026","rel":"","context":"Similar post","block_context":{"text":"Similar post","link":""},"img":{"alt_text":"","src":"https:\/\/i0.wp.com\/www.christallk.com\/wp-content\/uploads\/2024\/12\/rudolphe-5.jpg?resize=350%2C200&ssl=1","width":350,"height":200,"srcset":"https:\/\/i0.wp.com\/www.christallk.com\/wp-content\/uploads\/2024\/12\/rudolphe-5.jpg?resize=350%2C200&ssl=1 1x, https:\/\/i0.wp.com\/www.christallk.com\/wp-content\/uploads\/2024\/12\/rudolphe-5.jpg?resize=525%2C300&ssl=1 1.5x, https:\/\/i0.wp.com\/www.christallk.com\/wp-content\/uploads\/2024\/12\/rudolphe-5.jpg?resize=700%2C400&ssl=1 2x, https:\/\/i0.wp.com\/www.christallk.com\/wp-content\/uploads\/2024\/12\/rudolphe-5.jpg?resize=1050%2C600&ssl=1 3x, https:\/\/i0.wp.com\/www.christallk.com\/wp-content\/uploads\/2024\/12\/rudolphe-5.jpg?resize=1400%2C800&ssl=1 4x"},"classes":[]},{"id":5698,"url":"https:\/\/www.christallk.com\/en\/product\/le-pelerin\/","url_meta":{"origin":8112,"position":5},"title":"Le P\u00e9lerin","author":"Christelle","date":"March 17, 2023","format":false,"excerpt":"The Pilgrim is a multicolored unisex hat featuring jacquard, slipped stitch, and linen stitch. Downloadable PDF pattern: Once your order is confirmed, a download link is available on the order page. Remember to download it, as the link is temporary. VAT is\u2026","rel":"","context":"Similar post","block_context":{"text":"Similar post","link":""},"img":{"alt_text":"","src":"https:\/\/i0.wp.com\/www.christallk.com\/wp-content\/uploads\/2023\/03\/IMG_9681.jpg?resize=350%2C200&ssl=1","width":350,"height":200,"srcset":"https:\/\/i0.wp.com\/www.christallk.com\/wp-content\/uploads\/2023\/03\/IMG_9681.jpg?resize=350%2C200&ssl=1 1x, https:\/\/i0.wp.com\/www.christallk.com\/wp-content\/uploads\/2023\/03\/IMG_9681.jpg?resize=525%2C300&ssl=1 1.5x, https:\/\/i0.wp.com\/www.christallk.com\/wp-content\/uploads\/2023\/03\/IMG_9681.jpg?resize=700%2C400&ssl=1 2x"},"classes":[]}],"jetpack_sharing_enabled":true,"_links":{"self":[{"href":"https:\/\/www.christallk.com\/en\/wp-json\/wp\/v2\/product\/8112","targetHints":{"allow":["GET"]}}],"collection":[{"href":"https:\/\/www.christallk.com\/en\/wp-json\/wp\/v2\/product"}],"about":[{"href":"https:\/\/www.christallk.com\/en\/wp-json\/wp\/v2\/types\/product"}],"replies":[{"embeddable":true,"href":"https:\/\/www.christallk.com\/en\/wp-json\/wp\/v2\/comments?post=8112"}],"wp:featuredmedia":[{"embeddable":true,"href":"https:\/\/www.christallk.com\/en\/wp-json\/wp\/v2\/media\/8115"}],"wp:attachment":[{"href":"https:\/\/www.christallk.com\/en\/wp-json\/wp\/v2\/media?parent=8112"}],"wp:term":[{"taxonomy":"product_brand","embeddable":true,"href":"https:\/\/www.christallk.com\/en\/wp-json\/wp\/v2\/product_brand?post=8112"},{"taxonomy":"product_cat","embeddable":true,"href":"https:\/\/www.christallk.com\/en\/wp-json\/wp\/v2\/product_cat?post=8112"},{"taxonomy":"product_tag","embeddable":true,"href":"https:\/\/www.christallk.com\/en\/wp-json\/wp\/v2\/product_tag?post=8112"}],"curies":[{"name":"wp","href":"https:\/\/api.w.org\/{rel}","templated":true}]}}